{"id":6967,"date":"2017-06-26T10:21:16","date_gmt":"2017-06-26T10:21:16","guid":{"rendered":"http:\/\/www.tiszaparti.hu\/?page_id=6967"},"modified":"2017-08-25T09:55:09","modified_gmt":"2017-08-25T09:55:09","slug":"kivalo-tanulok-2016-2017","status":"publish","type":"page","link":"https:\/\/www.tiszaparti.hu\/index.php\/galeriamedia\/osztalykepek\/kivalo-tanulok-2016-2017\/","title":{"rendered":"Kiv\u00e1l\u00f3 tanul\u00f3k 2016-2017."},"content":{"rendered":"<p>[vc_row][vc_column width=&#8221;2\/3&#8243;][vc_single_image image=&#8221;7152&#8243; img_size=&#8221;full&#8221; alignment=&#8221;center&#8221; style=&#8221;vc_box_shadow&#8221; onclick=&#8221;link_image&#8221;][vc_column_text]<\/p>\n<p style=\"text-align: justify;\"><em>Fels\u0151 sor:<\/em>\u00a0Bonifert Blanka, Varga Andr\u00e1s, Kis \u00c1rp\u00e1d, Sz\u0171ts Szilas, Baka D\u00e1vid, F\u00fcl\u00f6p Levente, Pint\u00e9r \u00d6rs, Szalma Z\u00e9n\u00f3 Mil\u00e1n, Sz\u00edjj\u00e1rt\u00f3 Csan\u00e1d, Holl\u00f3s Botond<br \/>\n<em>Als\u00f3 sor:<\/em> Moln\u00e1r Tekla, Sahin-T\u00f3th Blanka, Debreczeny Dorka, Bartos Kinga, Vadkerti Vince, L\u00e1t\u00f3 Loren, Iv\u00e1n Emese, Ugrai Anna Gabriella, Balogh Bogl\u00e1rka, Bartos Gr\u00e9ta, Sasi Fl\u00f3ra, T\u00f3th Laura, Szab\u00f3 Lotti<\/p>\n<p>[\/vc_column_text][vc_single_image image=&#8221;7153&#8243; img_size=&#8221;full&#8221; alignment=&#8221;center&#8221; style=&#8221;vc_box_shadow&#8221; onclick=&#8221;link_image&#8221;][vc_column_text]<\/p>\n<p style=\"text-align: justify;\"><em>Fels\u0151:<\/em>\u00a0Juh\u00e1sz Zsombor, Sz\u0171ts Szilas, Kis \u00c1rp\u00e1d, Cziner Sz\u00f3fia, P\u00e9czely Zal\u00e1n<br \/>\n<em>Als\u00f3:<\/em> Vadkerti Vince, Sz\u00edjj\u00e1rt\u00f3 Csan\u00e1d, Csap\u00f3 Zsombor, Ale S\u00e1ndor<\/p>\n<p>[\/vc_column_text][vc_single_image image=&#8221;7156&#8243; img_size=&#8221;full&#8221; alignment=&#8221;center&#8221; style=&#8221;vc_box_shadow&#8221; onclick=&#8221;link_image&#8221;][vc_column_text]<em>Fels\u0151 sor:<\/em> Dinya Gerg\u0151, Mucsi-Berecz \u00c1d\u00e1m, Pusk\u00e1s Tam\u00e1s B\u00e9la, F\u00e9bert Em\u00edlia, Szedm\u00e1k Szabrina Zora, T\u00f3th Szilvia No\u00e9mi, P\u00e1pai Luca, Erd\u0151s Br\u00fan\u00f3, Szab\u00f3 Blanka R\u00e9ka, Sikovanyecz Fanni Petra, Sz\u00e9k\u00e1cs \u00c9va Eszter, Bokros Barnab\u00e1s<br \/>\n<em>Als\u00f3 sor:<\/em> Pint\u00e9r Zal\u00e1n, Pajk\u00f3 Levente, Szab\u00f3 Vanda, Kalm\u00e1r P\u00e9ter Tibor, Gazdag L\u00f3r\u00e1nd, Iv\u00e1n Boldizs\u00e1r, K\u00f6vecs Ren\u00e1ta Abig\u00e9l, M\u00e1rkus Lilla, Csillag Liza, M\u00e9sz\u00e1ros Vivien Erzs\u00e9bet, Szarka Violetta[\/vc_column_text][vc_single_image image=&#8221;7157&#8243; img_size=&#8221;full&#8221; alignment=&#8221;center&#8221; style=&#8221;vc_box_shadow&#8221; onclick=&#8221;link_image&#8221;][vc_column_text]<em>Fels\u0151 sor:<\/em> Fejes Benedek, Szedm\u00e1k Szabrina Zora, Gombos Dominik, P\u00e1pai Luca, Kutas Levente, Gombos Don\u00e1t<br \/>\n<em>Als\u00f3 sor:<\/em> Szalay Z\u00e9t\u00e9ny, Kalm\u00e1r P\u00e9ter Tibor, Erd\u0151s Br\u00fan\u00f3, Cs\u00edk D\u00e1vid G\u00e1bor[\/vc_column_text][vc_single_image image=&#8221;7158&#8243; img_size=&#8221;full&#8221; alignment=&#8221;center&#8221; style=&#8221;vc_box_shadow&#8221; onclick=&#8221;link_image&#8221;][vc_column_text]<\/p>\n<p style=\"text-align: justify;\">K\u00f3nya Kopp\u00e1ny, Csillag Liza, M\u00e9sz\u00e1ros Vivien Erzs\u00e9bet, Szebeni Hanna, T\u00f3th Alexandra Vikt\u00f3ria<\/p>\n<p>[\/vc_column_text][vc_single_image image=&#8221;7160&#8243; img_size=&#8221;full&#8221; alignment=&#8221;center&#8221; style=&#8221;vc_box_shadow&#8221; onclick=&#8221;link_image&#8221;][vc_column_text]<\/p>\n<p style=\"text-align: justify;\"><em>Fels\u0151 sor:<\/em> Kis Csongor, \u00c1goston N\u00f3ra, Varga S\u00e1ra, Kov\u00e1cs N\u00f3ra, Szabad Emma, Szil\u00e1gyi Fl\u00f3ra, Pint\u00e9r Hanna, Benczik Gr\u00e9ta<br \/>\n<em>Als\u00f3 sor:<\/em> B\u0151v\u00edz D\u00e1niel, Pauk J\u00e1nos, Baranyai Csenge, Sasi Gl\u00f3ria, Juh\u00e1sz Emma, K\u00f3cs\u00f3 Zal\u00e1n<\/p>\n<p>[\/vc_column_text][vc_single_image image=&#8221;7161&#8243; img_size=&#8221;full&#8221; alignment=&#8221;center&#8221; style=&#8221;vc_box_shadow&#8221; onclick=&#8221;link_image&#8221;][vc_column_text]<em>Fels\u0151 sor:<\/em> K\u00f3cs\u00f3 Zal\u00e1n, Kriska \u00c1kos, Havas Zal\u00e1n, Petr\u00f3czi P\u00e9ter, Forrai Boldizs\u00e1r, Bed\u0151 Patrik, Rideg M\u00e1t\u00e9<br \/>\n<em>Als\u00f3 sor:<\/em> Kis Csongor, P\u00f3da Csenge, Birt\u00f3k Hanna, Hajd\u00fa \u00c9dua, Benczik Gr\u00e9ta, Juh\u00e1sz Emma, Dunai Lili[\/vc_column_text][vc_single_image image=&#8221;7162&#8243; img_size=&#8221;full&#8221; alignment=&#8221;center&#8221; onclick=&#8221;link_image&#8221;][vc_column_text]\u00d3v\u00e1ri Csan\u00e1d, Gy\u00f6mb\u00e9r Keve[\/vc_column_text][vc_single_image image=&#8221;7164&#8243; img_size=&#8221;full&#8221; alignment=&#8221;center&#8221; style=&#8221;vc_box_shadow&#8221; onclick=&#8221;link_image&#8221;][vc_column_text]<\/p>\n<p style=\"text-align: justify;\"><em>Fels\u0151 sor:<\/em> Szab\u00f3 Konr\u00e1d, Csenkey-Sink\u00f3 B\u00e1lint, Sahin-T\u00f3th G\u00e1bor, T\u00f3th P\u00e9ter \u00c1kos, Makai Aliz, Kov\u00e1cs Norman, Buella Attila, Brc\u00e1n Frida<br \/>\n<em>K\u00f6z\u00e9ps\u0151 sor:<\/em> V\u00e1rkonyi Laura, Somodi Luca, Csont Lilla, Kov\u00e1cs Eszter, \u00c1d\u00e1m Luca, T\u00f6r\u00f6k Eszter, Medov\u00e1rszky Adrienn, Nagy Petra, Bajk\u00f3 Z\u00f3ra<br \/>\n<em>Als\u00f3 sor:<\/em> Szab\u00f3 Benedek, H\u00e1zi \u00c1bel, Krist\u00f3f S\u00e1ra, Sz\u00fccs Borb\u00e1la, Annus S\u00e1ra, Heged\u0171s \u00c1gota, Sz\u00e9p Levente<\/p>\n<p>[\/vc_column_text][vc_single_image image=&#8221;7165&#8243; img_size=&#8221;full&#8221; alignment=&#8221;center&#8221; style=&#8221;vc_box_shadow&#8221; onclick=&#8221;link_image&#8221;][vc_column_text]<\/p>\n<p style=\"text-align: justify;\"><em>Fels\u0151 sor:<\/em> H\u00e1zi \u00c1bel, Szab\u00f3 Konr\u00e1d, Sahin-T\u00f3th G\u00e1bor, Buella Attila, Brc\u00e1n Frida, Bajk\u00f3 Z\u00f3ra<br \/>\n<em>K\u00f6z\u00e9ps\u0151 sor:<\/em> Csenkey-Sink\u00f3 B\u00e1lint, V\u00f6r\u00f6s Szonja, Kov\u00e1cs K\u00e1mea, Simon Marcell, Kriska Mil\u00e1n, Balt\u00e1s Benedek, T\u00f3th P\u00e9ter \u00c1kos<br \/>\n<em>Als\u00f3 sor:<\/em> Sz\u00fccs Borb\u00e1la, Szalma D\u00f3ra, Medov\u00e1rszky Adrienn, G\u00e1csi D\u00f3ra, \u00c1d\u00e1m Luca, De\u00e1k Angelina, Krist\u00f3f S\u00e1ra, G\u00e1l Patrik<\/p>\n<p>[\/vc_column_text][vc_single_image image=&#8221;7166&#8243; img_size=&#8221;full&#8221; alignment=&#8221;center&#8221; style=&#8221;vc_box_shadow&#8221; onclick=&#8221;link_image&#8221;][vc_column_text]<\/p>\n<p style=\"text-align: justify;\"><em>Fels\u0151 sor:<\/em> Szab\u00f3 Konr\u00e1d, Sahin-T\u00f3th G\u00e1bor, T\u00f3th P\u00e9ter \u00c1kos, Bajk\u00f3 Z\u00f3ra<br \/>\n<em>Als\u00f3 sor:<\/em> G\u00e1csi D\u00f3ra, \u00c1d\u00e1m Luca, Sz\u00e9p Levente<\/p>\n<p>[\/vc_column_text][vc_single_image image=&#8221;7168&#8243; img_size=&#8221;full&#8221; alignment=&#8221;center&#8221; style=&#8221;vc_box_shadow&#8221; onclick=&#8221;link_image&#8221;][vc_column_text]<\/p>\n<p style=\"text-align: justify;\"><em>Fels\u0151 sor:<\/em> Bodicsi Barna, Behar\u00f3czki Zsombor, M\u00e1dai S\u00e1ndor<br \/>\n<em>K\u00f6z\u00e9ps\u0151 sor:<\/em> Bartos Bence, K\u00f3cs\u00f3 M\u00e1ty\u00e1s, F\u00fcrd\u00f6k Levente, Bog\u00e1thy Andr\u00e1s, Kov\u00e1cs M\u00e1rk \u00c1d\u00e1m<br \/>\n<em>Als\u00f3 sor:<\/em> Birt\u00f3k Emma, Riesing Borka, Pauk Bor\u00f3ka, J\u00e1ger Gr\u00e9ta, Kis Bogl\u00e1rka, T\u00f3th Emma, Forrai Kamilla<\/p>\n<p>[\/vc_column_text][vc_single_image image=&#8221;7169&#8243; img_size=&#8221;full&#8221; alignment=&#8221;center&#8221; style=&#8221;vc_box_shadow&#8221; onclick=&#8221;link_image&#8221;][vc_column_text]<\/p>\n<p style=\"text-align: justify;\"><em>Fels\u0151 sor:<\/em> Szepesszentgy\u00f6rgyi Hanna J\u00e1zmin, B\u00e1l\u00f3 Petra Vir\u00e1g, Kov\u00e1cs M\u00e1rk \u00c1d\u00e1m, Forrai Kamilla<br \/>\n<em>Als\u00f3 sor:<\/em> Birt\u00f3k Emma, Riesing Borka, Kis Bogl\u00e1rka, T\u00f3th Emma, Pauk Bor\u00f3ka, J\u00e1ger Gr\u00e9ta<br \/>\n<em>Nincs a k\u00e9pen:<\/em> Kozma Gr\u00e9ta<\/p>\n<p>[\/vc_column_text][vc_single_image image=&#8221;7171&#8243; img_size=&#8221;full&#8221; alignment=&#8221;center&#8221; style=&#8221;vc_box_shadow&#8221; onclick=&#8221;link_image&#8221;][vc_column_text]<\/p>\n<p style=\"text-align: justify;\"><em>Fels\u0151:<\/em> Szojka Marcell, Varga G\u00e1bor, Giricz Lilla Kitti, Kov\u00e1cs R\u00e9ka, Gyovai J\u00e1nos, G\u00e1csi Iv\u00e1n<br \/>\n<em>K\u00f6z\u00e9ps\u0151:<\/em> Bodicsi Barna, Bartos Bence, Benczik Zolt\u00e1n, Moln\u00e1r Benedek, Bog\u00e1thy Andr\u00e1s, Gell\u00e9rt Sebesty\u00e9n<br \/>\n<em>Als\u00f3:<\/em> Birt\u00f3k Emma, Mik\u00f3 Vince, V\u00e1gfalvi Marcell, Kelemen \u00c1lmos<\/p>\n<p>[\/vc_column_text][vc_single_image image=&#8221;7172&#8243; img_size=&#8221;full&#8221; alignment=&#8221;center&#8221; style=&#8221;vc_box_shadow&#8221; onclick=&#8221;link_image&#8221;][vc_column_text]<\/p>\n<p style=\"text-align: justify;\"><em>Fels\u0151:<\/em> Kov\u00e1cs Bence, Behar\u00f3czki Zsombor, Gyovai J\u00e1nos, Munk\u00e1csi M\u00e1rta, Szab\u00f3 Emma, M\u00e1t\u00e9s N\u00f3ra<br \/>\n<em>Als\u00f3:<\/em> G\u00e1csi Iv\u00e1n, F\u00fcrd\u00f6k Levente, Kelemen \u00c1lmos, Gell\u00e9rt Sebesty\u00e9n<\/p>\n<p>[\/vc_column_text][vc_single_image image=&#8221;7174&#8243; img_size=&#8221;full&#8221; alignment=&#8221;center&#8221; style=&#8221;vc_box_shadow&#8221; onclick=&#8221;link_image&#8221;][vc_column_text]Sahin-T\u00f3th Hanna, Szabad Vendel, T\u00f3th Zal\u00e1n, Katona Kitti, G\u00e1l Krist\u00f3f<br \/>\na k\u00e9pr\u0151l hi\u00e1nyzik Buczk\u00f3 Asztrik[\/vc_column_text][vc_single_image image=&#8221;7175&#8243; img_size=&#8221;full&#8221; alignment=&#8221;center&#8221; style=&#8221;vc_box_shadow&#8221; onclick=&#8221;link_image&#8221;][vc_column_text]Szabad Vendel, Temesv\u00e1ri \u00c1kos, Koncz Gy\u00f6rgy, Tan\u00e1cs Aliz, Katona Kitti, T\u00f3th Zal\u00e1n, G\u00e1l Krist\u00f3f, Sz\u0171ts Szil\u00e1rd[\/vc_column_text][vc_single_image image=&#8221;7176&#8243; img_size=&#8221;full&#8221; alignment=&#8221;center&#8221; style=&#8221;vc_box_shadow&#8221; onclick=&#8221;link_image&#8221;][vc_column_text]<\/p>\n<p style=\"text-align: justify;\">Sahin-T\u00f3th Hanna, Szekeres Petra, Vid Luca, Szekeres Amanda, Herczeg Imre Csan\u00e1d, Nagy Benedek, Rencenji Zolt\u00e1n<\/p>\n<p>[\/vc_column_text][vc_single_image image=&#8221;7178&#8243; img_size=&#8221;full&#8221; alignment=&#8221;center&#8221; style=&#8221;vc_box_shadow&#8221; onclick=&#8221;link_image&#8221;][vc_column_text]<\/p>\n<p style=\"text-align: justify;\"><em>Fels\u0151 sor:<\/em> \u00c1d\u00e1m Bog\u00e1t, Egedi Tam\u00e1s, Vir\u00e1ghalmi Lili, F\u00fcl\u00f6p Csilla, Nemes Dorka, Radics Krisztina, Kothencz Laura<br \/>\n<em>Als\u00f3 sor:<\/em> Mik\u00f3 Vir\u00e1g, B\u00f3di Kamilla, Kis Liza, Balla Rebeka, Somodi Maja, Ale Izabella<\/p>\n<p>[\/vc_column_text][vc_single_image image=&#8221;7179&#8243; img_size=&#8221;full&#8221; alignment=&#8221;center&#8221; style=&#8221;vc_box_shadow&#8221; onclick=&#8221;link_image&#8221;][vc_column_text]<em>Fels\u0151 sor:<\/em> Jakusch Tam\u00e1s, Vojn\u00e1r P\u00e9ter, Egedi Tam\u00e1s, \u00c1d\u00e1m Bog\u00e1t, F\u00fcl\u00f6p Csilla, Vir\u00e1ghalmi Lili, Nemes Dorka, B\u00f3di Kamilla, Kothencz Laura<br \/>\n<em>Als\u00f3 sor:<\/em> Domokos \u00c1d\u00e1m, Mik\u00f3 Vir\u00e1g, Kutas Gr\u00e9ta, Somodi Maja, Kis Liza, Balla Rebeka, Ale Izabella[\/vc_column_text][vc_single_image image=&#8221;7180&#8243; img_size=&#8221;full&#8221; alignment=&#8221;center&#8221; style=&#8221;vc_box_shadow&#8221; onclick=&#8221;link_image&#8221;][vc_column_text]<\/p>\n<p style=\"text-align: justify;\"><em>Fels\u0151 sor:<\/em> Szab\u00f3 Dominik, T\u00f6mb\u00f6ly \u00c1bel, Dunai Tam\u00e1s, Katona Bal\u00e1zs<br \/>\n<em>Als\u00f3 sor:<\/em> Baksa Panna, Besesek \u00c9dua, Pusk\u00e1s Lara<\/p>\n<p>[\/vc_column_text][vc_single_image image=&#8221;7181&#8243; img_size=&#8221;full&#8221; alignment=&#8221;center&#8221; style=&#8221;vc_box_shadow&#8221; onclick=&#8221;link_image&#8221;][vc_column_text]<\/p>\n<p style=\"text-align: justify;\"><em>Fels\u0151 sor:<\/em> \u00c1d\u00e1m Bog\u00e1t, Szab\u00f3 Dominik, Oroj\u00e1n Zsombor, Pusk\u00e1s Lara, T\u00f6mb\u00f6ly \u00c1bel, Somodi Maja, Moln\u00e1r \u00c1din, Nemes Dorka, Kothencz Laura<br \/>\n<em>Als\u00f3 sor:<\/em> R\u00e1cz Lilla, Kis Liza, Nagy L\u00e9na, Balla Rebeka, B\u00e9k\u00e9si D\u00f3ra, Baksa Panna, Besesek \u00c9dua<\/p>\n<p>[\/vc_column_text][vc_single_image image=&#8221;7182&#8243; img_size=&#8221;full&#8221; alignment=&#8221;center&#8221; style=&#8221;vc_box_shadow&#8221; onclick=&#8221;link_image&#8221;][vc_column_text]<\/p>\n<p style=\"text-align: justify;\"><em>Fels\u0151 sor:<\/em> Vojn\u00e1r P\u00e9ter, R\u00e1cz Lilla, T\u00f3th Laura, Miczi Borb\u00e1la, Vir\u00e1ghalmi Lili, F\u00fcl\u00f6p Csilla, B\u00f3di Kamilla, Kothencz Laura, Kiss Petra, Ale Izabella<br \/>\n<em>Als\u00f3 sor:<\/em> Szepesi P\u00e9ter, Bazs\u00f3 M\u00e1t\u00e9, Mik\u00f3 Vir\u00e1g, Kutas Gr\u00e9ta, Kis Liza, B\u00e9k\u00e9si D\u00f3ra, Nagy L\u00e9na, Besesek \u00c9dua<\/p>\n<p>[\/vc_column_text][vc_single_image image=&#8221;7183&#8243; img_size=&#8221;full&#8221; alignment=&#8221;center&#8221; style=&#8221;vc_box_shadow&#8221; onclick=&#8221;link_image&#8221;][vc_column_text]<\/p>\n<p style=\"text-align: justify;\"><em>Fels\u0151 sor:<\/em> Csob\u00e1n Petra, Szalai Rebeka, Kiss Petra, Besesek \u00c9dua<br \/>\n<em>Als\u00f3 sor:<\/em> Pusk\u00e1s Lara, Baksa Panna, Szepesi P\u00e9ter, Bazs\u00f3 M\u00e1t\u00e9, Ale Izabella<\/p>\n<p>[\/vc_column_text][vc_single_image image=&#8221;7185&#8243; img_size=&#8221;full&#8221; alignment=&#8221;center&#8221; style=&#8221;vc_box_shadow&#8221; onclick=&#8221;link_image&#8221;][vc_column_text]Berkes Lilla, Csonka Izabella, Sz\u0171cs Bianka, Lakatos \u00c1gnes, T\u00f6r\u00f6k L\u00e1szl\u00f3, Farag\u00f3 Luca[\/vc_column_text][vc_single_image image=&#8221;7186&#8243; img_size=&#8221;full&#8221; alignment=&#8221;center&#8221; style=&#8221;vc_box_shadow&#8221; onclick=&#8221;link_image&#8221;][vc_column_text]Szab\u00f3 Krist\u00f3f, Kov\u00e1cs \u00c1d\u00e1m, Kozma Z\u00e9t\u00e9ny, Kov\u00e1cs Levente, Iv\u00e1nyi Zal\u00e1n, Lesti M\u00e1t\u00e9[\/vc_column_text][vc_single_image image=&#8221;7187&#8243; img_size=&#8221;full&#8221; alignment=&#8221;center&#8221; style=&#8221;vc_box_shadow&#8221; onclick=&#8221;link_image&#8221;][vc_column_text]Karnok Eszter, F\u00fcrd\u00f6k Laura, \u00d6rd\u00f6g Blanka, Csonka Izabella, Berkes Lilla[\/vc_column_text][vc_single_image image=&#8221;7189&#8243; img_size=&#8221;full&#8221; alignment=&#8221;center&#8221; style=&#8221;vc_box_shadow&#8221; onclick=&#8221;link_image&#8221;][vc_column_text]<\/p>\n<p style=\"text-align: justify;\"><em>Fels\u0151 sor:<\/em> R\u00e1cz Tamara, Kertai J\u00falia, K\u00f6teles Laura, Gyovai S\u00e1ra, Gy\u0151ri Borb\u00e1la, Nagy Eszter, Pet\u00e9nyi Tam\u00e1s, Pint\u00e9r Petra Gvendolin, Csont Botond, Nagy Nelli<br \/>\n<em>Als\u00f3 sor:<\/em> \u00c1rgyel\u00e1n D\u00f3ra, Csap\u00f3 Zita, Lud\u00e1nyi Fanni, Nagy M\u00edna, Fajka Lilla, Kis Kincs\u0151, Moln\u00e1r Petra, Kov\u00e1cs R\u00e9ka Lili<\/p>\n<p>[\/vc_column_text][vc_single_image image=&#8221;7190&#8243; img_size=&#8221;full&#8221; alignment=&#8221;center&#8221; style=&#8221;vc_box_shadow&#8221; onclick=&#8221;link_image&#8221;][vc_column_text]<\/p>\n<p style=\"text-align: justify;\"><em>Fels\u0151 sor:<\/em> Istv\u00e1n B\u00e9la, P\u00e1pai Bal\u00e1zs, Sipos Botond, Antal Csongor, Csillag Istv\u00e1n<br \/>\n<em>K\u00f6z\u00e9ps\u0151 sor:<\/em> T\u00f6r\u00f6k \u00c1kos, R\u00e1cz Levente, Kertai J\u00falia, Nagy M\u00edna, Paczuk Mil\u00e1n, Kis Barnab\u00e1s<br \/>\n<em>Als\u00f3:<\/em> K\u00f6teles Laura, R\u00e1cz Tamara, \u00c1rgyel\u00e1n D\u00f3ra, Gy\u0151ri Borb\u00e1la, Kov\u00e1cs R\u00e9ka Lili, Kocsis Vivien, Nagy Nelli<\/p>\n<p>[\/vc_column_text][vc_single_image image=&#8221;7191&#8243; img_size=&#8221;full&#8221; alignment=&#8221;center&#8221; style=&#8221;vc_box_shadow&#8221; onclick=&#8221;link_image&#8221;][vc_column_text]<\/p>\n<p style=\"text-align: justify;\"><em>Fels\u0151 sor:<\/em> Nagy M\u00e1rk, Csont Botond, Tornyai Botond, Varga Bal\u00e1zs, Rencenji D\u00e9nes, L\u00e9deczi \u00cdrisz, R\u00e1cz Levente, Pusk\u00e1s Tam\u00e1s<br \/>\n<em>K\u00f6z\u00e9ps\u0151 sor:<\/em> Gyovai S\u00e1ra, K\u00f6teles Laura, Kertai J\u00falia, Nagy M\u00edna, Pataki \u00c1gnes, Nagy Nelli, Kis Kincs\u0151, Moln\u00e1r Petra<br \/>\n<em>Als\u00f3 sor:<\/em> Csap\u00f3 Zita, Lud\u00e1nyi Fanni, R\u00e1cz Tamara, \u00c1rgyel\u00e1n D\u00f3ra, Gy\u0151ri Borb\u00e1la, Kov\u00e1cs R\u00e9ka Lili, Kocsis Vivien, Fajka Lilla<\/p>\n<p>[\/vc_column_text][\/vc_column][vc_column width=&#8221;1\/3&#8243;][vc_widget_sidebar sidebar_id=&#8221;default&#8221;][\/vc_column][\/vc_row]<\/p>\n","protected":false},"excerpt":{"rendered":"<p>[vc_row][vc_column width=&#8221;2\/3&#8243;][vc_single_image image=&#8221;7152&#8243; img_size=&#8221;full&#8221; alignment=&#8221;center&#8221; style=&#8221;vc_box_shadow&#8221; onclick=&#8221;link_image&#8221;][vc_column_text] Fels\u0151 sor:\u00a0Bonifert Blanka, Varga Andr\u00e1s, Kis \u00c1rp\u00e1d, Sz\u0171ts Szilas, Baka D\u00e1vid, F\u00fcl\u00f6p Levente, Pint\u00e9r \u00d6rs, Szalma Z\u00e9n\u00f3 Mil\u00e1n, Sz\u00edjj\u00e1rt\u00f3 Csan\u00e1d, Holl\u00f3s Botond Als\u00f3 sor: Moln\u00e1r Tekla, Sahin-T\u00f3th Blanka, Debreczeny Dorka, Bartos Kinga, Vadkerti Vince, L\u00e1t\u00f3 Loren, Iv\u00e1n Emese, Ugrai Anna Gabriella, Balogh Bogl\u00e1rka, Bartos Gr\u00e9ta, Sasi Fl\u00f3ra, T\u00f3th [&hellip;]<\/p>\n","protected":false},"author":2,"featured_media":0,"parent":1943,"menu_order":0,"comment_status":"closed","ping_status":"closed","template":"","meta":{"footnotes":""},"class_list":["post-6967","page","type-page","status-publish","hentry"],"_links":{"self":[{"href":"https:\/\/www.tiszaparti.hu\/index.php\/wp-json\/wp\/v2\/pages\/6967","targetHints":{"allow":["GET"]}}],"collection":[{"href":"https:\/\/www.tiszaparti.hu\/index.php\/wp-json\/wp\/v2\/pages"}],"about":[{"href":"https:\/\/www.tiszaparti.hu\/index.php\/wp-json\/wp\/v2\/types\/page"}],"author":[{"embeddable":true,"href":"https:\/\/www.tiszaparti.hu\/index.php\/wp-json\/wp\/v2\/users\/2"}],"replies":[{"embeddable":true,"href":"https:\/\/www.tiszaparti.hu\/index.php\/wp-json\/wp\/v2\/comments?post=6967"}],"version-history":[{"count":0,"href":"https:\/\/www.tiszaparti.hu\/index.php\/wp-json\/wp\/v2\/pages\/6967\/revisions"}],"up":[{"embeddable":true,"href":"https:\/\/www.tiszaparti.hu\/index.php\/wp-json\/wp\/v2\/pages\/1943"}],"wp:attachment":[{"href":"https:\/\/www.tiszaparti.hu\/index.php\/wp-json\/wp\/v2\/media?parent=6967"}],"curies":[{"name":"wp","href":"https:\/\/api.w.org\/{rel}","templated":true}]}}